{"id":17,"date":"2019-03-21T16:17:55","date_gmt":"2019-03-21T15:17:55","guid":{"rendered":"http:\/\/www.testversion.ferienwohnung-upstallsboom.de\/?page_id=17"},"modified":"2022-01-16T20:41:33","modified_gmt":"2022-01-16T19:41:33","slug":"startseite","status":"publish","type":"page","link":"http:\/\/www.ferienwohnung-upstallsboom.de\/","title":{"rendered":"Startseite"},"content":{"rendered":"<p>[et_pb_section fb_built=&#8220;1&#8243; _builder_version=&#8220;3.9&#8243; background_image=&#8220;http:\/\/www.testversion.ferienwohnung-upstallsboom.de\/wp-content\/uploads\/2019\/03\/Header-Im-Halg-Klausi.jpg&#8220; border_width_top=&#8220;15px&#8220; border_color_top=&#8220;#3e6b56&#8243; border_width_bottom=&#8220;15px&#8220; border_color_bottom=&#8220;#3e6b56&#8243; box_shadow_style=&#8220;preset1&#8243; custom_padding=&#8220;0||0||false|false&#8220; top_divider_style=&#8220;wave2&#8243; top_divider_color=&#8220;#3e6b56&#8243; top_divider_height=&#8220;45px&#8220; top_divider_flip=&#8220;horizontal&#8220; global_module=&#8220;141&#8243; saved_tabs=&#8220;all&#8220;][et_pb_row _builder_version=&#8220;3.9&#8243;][et_pb_column type=&#8220;3_4&#8243; _builder_version=&#8220;3.9&#8243; parallax=&#8220;off&#8220; parallax_method=&#8220;on&#8220;][et_pb_text _builder_version=&#8220;3.9&#8243; text_font=&#8220;|700|||||||&#8220; text_text_color=&#8220;#ffffff&#8220; text_font_size=&#8220;54px&#8220; text_line_height=&#8220;1.2em&#8220; quote_font=&#8220;||||||||&#8220; header_font=&#8220;|||on|||||&#8220; header_text_align=&#8220;center&#8220; header_font_size=&#8220;42px&#8220; background_layout=&#8220;dark&#8220; custom_margin=&#8220;22px||0px|&#8220; custom_padding=&#8220;|||&#8220;]<\/p>\n<p>&nbsp;<\/p>\n<h1><strong>Ferienwohnung Upstallsboom<\/strong><\/h1>\n<p>[\/et_pb_text][\/et_pb_column][et_pb_column type=&#8220;1_4&#8243; _builder_version=&#8220;3.9&#8243; parallax=&#8220;off&#8220; parallax_method=&#8220;on&#8220;][et_pb_image src=&#8220;http:\/\/www.testversion.ferienwohnung-upstallsboom.de\/wp-content\/uploads\/2019\/03\/3Koepfelogo.png&#8220; _builder_version=&#8220;3.9&#8243; custom_margin=&#8220;50px||0px|&#8220;][\/et_pb_image][\/et_pb_column][\/et_pb_row][\/et_pb_section][et_pb_section fb_built=&#8220;1&#8243; _builder_version=&#8220;3.9&#8243; custom_padding=&#8220;99px|0px|0|0px|false|false&#8220;][et_pb_row custom_padding=&#8220;0|0px|30px|0px|false|false&#8220; _builder_version=&#8220;3.9&#8243;][et_pb_column type=&#8220;4_4&#8243; _builder_version=&#8220;3.9&#8243; parallax=&#8220;off&#8220; parallax_method=&#8220;on&#8220;][et_pb_text _builder_version=&#8220;3.9&#8243; text_font=&#8220;||||||||&#8220; text_font_size=&#8220;31px&#8220; text_letter_spacing=&#8220;4px&#8220; text_line_height=&#8220;2.1em&#8220; header_font=&#8220;||||||||&#8220; text_orientation=&#8220;center&#8220;]<\/p>\n<h1><strong>URLAUB AN DER NORDSEEK\u00dcSTE BEI AURICH<\/strong><\/h1>\n<p>[\/et_pb_text][\/et_pb_column][\/et_pb_row][et_pb_row _builder_version=&#8220;3.9&#8243;][et_pb_column type=&#8220;4_4&#8243; _builder_version=&#8220;3.9&#8243; parallax=&#8220;off&#8220; parallax_method=&#8220;on&#8220;][et_pb_text _builder_version=&#8220;3.9&#8243; text_font=&#8220;||||||||&#8220; text_font_size=&#8220;20px&#8220; text_orientation=&#8220;center&#8220;]<\/p>\n<p><em>F\u00fcr die beste Zeit im Jahr.<br \/><\/em><\/p>\n<p>[\/et_pb_text][\/et_pb_column][\/et_pb_row][\/et_pb_section][et_pb_section fb_built=&#8220;1&#8243; _builder_version=&#8220;3.9&#8243; custom_padding=&#8220;0|0px|30px|0px|false|false&#8220;][et_pb_row custom_padding=&#8220;0|0px|30px|0px|false|false&#8220; _builder_version=&#8220;3.9&#8243;][et_pb_column type=&#8220;2_3&#8243; _builder_version=&#8220;3.9&#8243; parallax=&#8220;off&#8220; parallax_method=&#8220;on&#8220;][et_pb_text _builder_version=&#8220;3.9&#8243; custom_margin=&#8220;35px|||&#8220;]<\/p>\n<p style=\"text-align: center;\">Genie\u00dfen Sie die sch\u00f6nsten Wochen des Jahres in unserer Ferienwohnung in der N\u00e4he von Aurich an der Ostfriesischen K\u00fcste. Hier weht jeden Tag ein frischer Wind.<\/p>\n<p style=\"text-align: center;\">Interesse? Sehen Sie sich alles an und schicken Sie uns eine <a class=\"link\" href=\"http:\/\/ferienwohnung-upstallsboom.de\/000001986e0d6078f.html\">E-Mail<\/a> und reservieren.<\/p>\n<p>[\/et_pb_text][et_pb_image src=&#8220;http:\/\/www.testversion.ferienwohnung-upstallsboom.de\/wp-content\/uploads\/2019\/03\/mailadressewuebben.jpg&#8220; url=&#8220;mailto:info@ferienwohnung-upstallsboom.de&#8220; url_new_window=&#8220;on&#8220; _builder_version=&#8220;3.9&#8243; border_radii=&#8220;on|10px|10px|10px|10px&#8220; border_width_top=&#8220;10px&#8220; border_color_top=&#8220;#3e6b56&#8243; border_width_bottom=&#8220;10px&#8220; border_color_bottom=&#8220;#3e6b56&#8243; box_shadow_style=&#8220;preset2&#8243; max_width=&#8220;58%&#8220; module_alignment=&#8220;center&#8220;][\/et_pb_image][\/et_pb_column][et_pb_column type=&#8220;1_3&#8243; _builder_version=&#8220;3.9&#8243; parallax=&#8220;off&#8220; parallax_method=&#8220;on&#8220;][et_pb_image src=&#8220;http:\/\/www.testversion.ferienwohnung-upstallsboom.de\/wp-content\/uploads\/2019\/07\/14468-2007-09-01-Aurich.jpg&#8220; show_in_lightbox=&#8220;on&#8220; align=&#8220;right&#8220; _builder_version=&#8220;3.9&#8243; border_radii=&#8220;|10px|10px|10px|10px&#8220; border_width_top=&#8220;10px&#8220; border_color_top=&#8220;#3e6b56&#8243; border_width_bottom=&#8220;10px&#8220; border_color_bottom=&#8220;#3e6b56&#8243; max_width=&#8220;84%&#8220; custom_margin=&#8220;|||&#8220; custom_padding=&#8220;0px|||&#8220;][\/et_pb_image][\/et_pb_column][\/et_pb_row][\/et_pb_section][et_pb_section fb_built=&#8220;1&#8243; _builder_version=&#8220;3.9&#8243; custom_padding=&#8220;0|0px|43px|0px|false|false&#8220;][et_pb_row custom_padding=&#8220;0px|0px|0|0px|false|false&#8220; _builder_version=&#8220;3.9&#8243; border_radii=&#8220;||||&#8220; border_color_top=&#8220;#3e6b56&#8243; border_color_bottom=&#8220;#3e6b56&#8243;][et_pb_column type=&#8220;1_3&#8243; _builder_version=&#8220;3.9&#8243; parallax=&#8220;off&#8220; parallax_method=&#8220;on&#8220;][et_pb_image src=&#8220;http:\/\/www.testversion.ferienwohnung-upstallsboom.de\/wp-content\/uploads\/2019\/07\/252408-2019-05-18-Ferienwohnung-Upstallsboom.jpg&#8220; show_in_lightbox=&#8220;on&#8220; _builder_version=&#8220;3.9&#8243; border_radii=&#8220;|10px|10px|10px|10px&#8220; border_width_top=&#8220;10px&#8220; border_color_top=&#8220;#3e6b56&#8243; border_width_bottom=&#8220;10px&#8220; border_color_bottom=&#8220;#3e6b56&#8243;][\/et_pb_image][et_pb_text _builder_version=&#8220;3.9&#8243; text_font=&#8220;||||||||&#8220; text_text_color=&#8220;#000000&#8243; custom_margin=&#8220;-10px|||&#8220;]<\/p>\n<p style=\"text-align: center;\">Die Ferienwohnung im Einfamilienhaus<\/p>\n<p>[\/et_pb_text][\/et_pb_column][et_pb_column type=&#8220;1_3&#8243; _builder_version=&#8220;3.9&#8243; parallax=&#8220;off&#8220; parallax_method=&#8220;on&#8220;][et_pb_image src=&#8220;http:\/\/www.testversion.ferienwohnung-upstallsboom.de\/wp-content\/uploads\/2019\/07\/253083-2019-05-18-Hu\u0308hner-Ga\u0308nse-Aurich-DSC_5676-2.jpg&#8220; show_in_lightbox=&#8220;on&#8220; _builder_version=&#8220;3.9&#8243; border_radii=&#8220;|10px|10px|10px|10px&#8220; border_width_top=&#8220;10px&#8220; border_color_top=&#8220;#3e6b56&#8243; border_width_bottom=&#8220;10px&#8220; border_color_bottom=&#8220;#3e6b56&#8243;][\/et_pb_image][et_pb_text _builder_version=&#8220;3.9&#8243; text_font=&#8220;||||||||&#8220; text_text_color=&#8220;#000000&#8243; border_radii=&#8220;||||&#8220; custom_margin=&#8220;-10px|||&#8220;]<code><\/code><\/p>\n<p style=\"text-align: center;\">Gartennutzung mit Sitzgelegenheit<\/p>\n<p>[\/et_pb_text][\/et_pb_column][et_pb_column type=&#8220;1_3&#8243; _builder_version=&#8220;3.9&#8243; parallax=&#8220;off&#8220; parallax_method=&#8220;on&#8220;][et_pb_image src=&#8220;http:\/\/www.testversion.ferienwohnung-upstallsboom.de\/wp-content\/uploads\/2019\/07\/41255-2009-04-20-Aurich-Spinnennetz-und-Skulptur.jpg&#8220; show_in_lightbox=&#8220;on&#8220; _builder_version=&#8220;3.9&#8243; border_radii=&#8220;|10px|10px|10px|10px&#8220; border_width_top=&#8220;10px&#8220; border_color_top=&#8220;#3e6b56&#8243; border_width_bottom=&#8220;10px&#8220; border_color_bottom=&#8220;#3e6b56&#8243;][\/et_pb_image][et_pb_text _builder_version=&#8220;3.9&#8243; text_font=&#8220;||||||||&#8220; text_text_color=&#8220;#000000&#8243; border_radii=&#8220;||||&#8220; custom_margin=&#8220;-10px|||&#8220;]<\/p>\n<p style=\"text-align: center;\">Nebel zieht \u00fcber die Felder<\/p>\n<p>[\/et_pb_text][\/et_pb_column][\/et_pb_row][et_pb_row custom_padding=&#8220;34px|0px|30px|0px|false|false&#8220; _builder_version=&#8220;3.9&#8243;][et_pb_column type=&#8220;4_4&#8243; _builder_version=&#8220;3.9&#8243; parallax=&#8220;off&#8220; parallax_method=&#8220;on&#8220;][et_pb_text _builder_version=&#8220;3.9&#8243; text_font=&#8220;||||||||&#8220; text_font_size=&#8220;9px&#8220; text_letter_spacing=&#8220;2px&#8220; text_orientation=&#8220;center&#8220; custom_margin=&#8220;-20px|||&#8220; custom_padding=&#8220;0px|||&#8220;]Fotos: \u00a9 Katharina Hansen-Gluschitz[\/et_pb_text][\/et_pb_column][\/et_pb_row][\/et_pb_section][et_pb_section fb_built=&#8220;1&#8243; _builder_version=&#8220;3.9&#8243; background_image=&#8220;http:\/\/www.testversion.ferienwohnung-upstallsboom.de\/wp-content\/uploads\/2019\/03\/Header-Im-Halg-Klausi.jpg&#8220; border_width_top=&#8220;15px&#8220; border_color_top=&#8220;#3e6b56&#8243; border_width_bottom=&#8220;15px&#8220; border_color_bottom=&#8220;#3e6b56&#8243; box_shadow_style=&#8220;preset1&#8243; box_shadow_color=&#8220;rgba(0,0,0,0.43)&#8220; custom_padding=&#8220;0|0px|136px|0px|false|false&#8220; global_module=&#8220;499&#8243; saved_tabs=&#8220;all&#8220;][\/et_pb_section][et_pb_section fb_built=&#8220;1&#8243; _builder_version=&#8220;3.9&#8243; background_color=&#8220;#3e6b56&#8243; custom_padding=&#8220;0|0px|0|0px|false|false&#8220; global_module=&#8220;482&#8243; saved_tabs=&#8220;all&#8220;][et_pb_row _builder_version=&#8220;3.9&#8243;][et_pb_column type=&#8220;4_4&#8243; _builder_version=&#8220;3.9&#8243; parallax=&#8220;off&#8220; parallax_method=&#8220;on&#8220;][et_pb_blurb content_max_width=&#8220;1100px&#8220; max_width=&#8220;50%&#8220; _builder_version=&#8220;3.9&#8243; body_font=&#8220;||||||||&#8220; body_text_color=&#8220;#ffffff&#8220; module_alignment=&#8220;left&#8220; custom_margin=&#8220;-15px||-7px|&#8220;]Zuletzt aktualisiert am 17. Januar 2022[\/et_pb_blurb][\/et_pb_column][\/et_pb_row][\/et_pb_section]<\/p>\n","protected":false},"excerpt":{"rendered":"<p>[et_pb_section fb_built=&#8220;1&#8243; _builder_version=&#8220;3.9&#8243; background_image=&#8220;http:\/\/www.testversion.ferienwohnung-upstallsboom.de\/wp-content\/uploads\/2019\/03\/Header-Im-Halg-Klausi.jpg&#8220; border_width_top=&#8220;15px&#8220; border_color_top=&#8220;#3e6b56&#8243; border_width_bottom=&#8220;15px&#8220; border_color_bottom=&#8220;#3e6b56&#8243; box_shadow_style=&#8220;preset1&#8243; custom_padding=&#8220;0||0||false|false&#8220; top_divider_style=&#8220;wave2&#8243; top_divider_color=&#8220;#3e6b56&#8243; top_divider_height=&#8220;45px&#8220; top_divider_flip=&#8220;horizontal&#8220; global_module=&#8220;141&#8243; saved_tabs=&#8220;all&#8220;][et_pb_row _builder_version=&#8220;3.9&#8243;][et_pb_column type=&#8220;3_4&#8243; _builder_version=&#8220;3.9&#8243; parallax=&#8220;off&#8220; parallax_method=&#8220;on&#8220;][et_pb_text _builder_version=&#8220;3.9&#8243; text_font=&#8220;|700|||||||&#8220; text_text_color=&#8220;#ffffff&#8220; text_font_size=&#8220;54px&#8220; text_line_height=&#8220;1.2em&#8220; quote_font=&#8220;||||||||&#8220; header_font=&#8220;|||on|||||&#8220; header_text_align=&#8220;center&#8220; header_font_size=&#8220;42px&#8220; background_layout=&#8220;dark&#8220; custom_margin=&#8220;22px||0px|&#8220; custom_padding=&#8220;|||&#8220;] &nbsp; Ferienwohnung Upstallsboom [\/et_pb_text][\/et_pb_column][et_pb_column type=&#8220;1_4&#8243; _builder_version=&#8220;3.9&#8243; parallax=&#8220;off&#8220; parallax_method=&#8220;on&#8220;][et_pb_image src=&#8220;http:\/\/www.testversion.ferienwohnung-upstallsboom.de\/wp-content\/uploads\/2019\/03\/3Koepfelogo.png&#8220; _builder_version=&#8220;3.9&#8243; custom_margin=&#8220;50px||0px|&#8220;][\/et_pb_image][\/et_pb_column][\/et_pb_row][\/et_pb_section][et_pb_section fb_built=&#8220;1&#8243; _builder_version=&#8220;3.9&#8243; custom_padding=&#8220;99px|0px|0|0px|false|false&#8220;][et_pb_row custom_padding=&#8220;0|0px|30px|0px|false|false&#8220; _builder_version=&#8220;3.9&#8243;][et_pb_column type=&#8220;4_4&#8243; _builder_version=&#8220;3.9&#8243; parallax=&#8220;off&#8220; parallax_method=&#8220;on&#8220;][et_pb_text _builder_version=&#8220;3.9&#8243; text_font=&#8220;||||||||&#8220; [&hellip;]<\/p>\n","protected":false},"author":1,"featured_media":0,"parent":0,"menu_order":0,"comment_status":"closed","ping_status":"closed","template":"","meta":[],"_links":{"self":[{"href":"http:\/\/www.ferienwohnung-upstallsboom.de\/index.php?rest_route=\/wp\/v2\/pages\/17"}],"collection":[{"href":"http:\/\/www.ferienwohnung-upstallsboom.de\/index.php?rest_route=\/wp\/v2\/pages"}],"about":[{"href":"http:\/\/www.ferienwohnung-upstallsboom.de\/index.php?rest_route=\/wp\/v2\/types\/page"}],"author":[{"embeddable":true,"href":"http:\/\/www.ferienwohnung-upstallsboom.de\/index.php?rest_route=\/wp\/v2\/users\/1"}],"replies":[{"embeddable":true,"href":"http:\/\/www.ferienwohnung-upstallsboom.de\/index.php?rest_route=%2Fwp%2Fv2%2Fcomments&post=17"}],"version-history":[{"count":42,"href":"http:\/\/www.ferienwohnung-upstallsboom.de\/index.php?rest_route=\/wp\/v2\/pages\/17\/revisions"}],"predecessor-version":[{"id":1239,"href":"http:\/\/www.ferienwohnung-upstallsboom.de\/index.php?rest_route=\/wp\/v2\/pages\/17\/revisions\/1239"}],"wp:attachment":[{"href":"http:\/\/www.ferienwohnung-upstallsboom.de\/index.php?rest_route=%2Fwp%2Fv2%2Fmedia&parent=17"}],"curies":[{"name":"wp","href":"https:\/\/api.w.org\/{rel}","templated":true}]}}